{"id":6385411,"date":"2025-09-30T20:38:47","date_gmt":"2025-09-30T18:38:47","guid":{"rendered":"https:\/\/anabucevic.com\/?post_type=product&#038;p=6385411"},"modified":"2025-09-30T23:59:16","modified_gmt":"2025-09-30T21:59:16","slug":"za-tebe-dok-trazis-sebe-knjiga-koju-tinejdzeri-vole-2","status":"publish","type":"product","link":"http:\/\/anabucevic.com\/en\/product\/za-tebe-dok-trazis-sebe-knjiga-koju-tinejdzeri-vole-2\/","title":{"rendered":"ZA TEBE DOK TRA\u017dI\u0160 SEBE (KNJIGA KOJU TINEJD\u017dERI VOLE)"},"content":{"rendered":"","protected":false},"excerpt":{"rendered":"<h5>2,330 RSD<\/h5>\n<p><strong>ZA TEBE DOK TRA\u017dI\u0160 SEBE \u00a0(KNJIGA KOJU TINEJD\u017dERI VOLE)<\/strong><\/p>\n<p>Nekih dana ti je glava puna, a srce tiho.<\/p>\n<p>Nekih dana ti se ne da ni misliti ni osje\u0107ati.<\/p>\n<p>A nekih dana samo \u017eeli\u0161 znati da si dovoljno dobar\/ra \u010dak i kad ni\u0161ta ne ide.<\/p>\n<p>Ako si posegnuo\/la za ovom knjigom, ne\u0161to u tebi zna da postoji vi\u0161e. Vi\u0161e od zbunjenosti, ti\u0161ine, osje\u0107aja da ne pripada\u0161, pritisaka izvana i pitanja iznutra. Nisi slu\u010dajno do\u0161ao\/la do nje.<\/p>\n<p>U njoj \u0107e\u0161 na\u0107i rije\u010di koje grle, re\u010denice koje \u0161ute s tobom, snagu koju treba\u0161 i istine koje ti mo\u017eda nitko ne govori.<\/p>\n<p>O tome kako re\u0107i NE. O gre\u0161kama. O slavi. O dru\u0161tvenim mre\u017eama. O strahovima. O osje\u0107ajima. O roditeljima. O prijateljima. O ljubavi. O tebi.<\/p>\n<p>O onome \u0161to stvarno osje\u0107a\u0161, a ne o onome \u0161to drugi vide.<\/p>\n<p>Jer nisi sam\/a.<\/p>\n<p>I nisi \u010dudan\/a.<\/p>\n<p>I nije tvoja zbunjenost problem, ona je znak da tra\u017ei\u0161 dublje.<\/p>\n<p>A ova knjiga je tu\u2026 ba\u0161 za to vrijeme.<\/p>\n<p>Ova knjiga nije tu samo da je pro\u010dita\u0161.<\/p>\n<p>Ona je tu da te prati na tvom putu.<\/p>\n<p>I da shvati\u0161 tko si dok putuje\u0161 njime.<\/p>\n<p>Ova knjiga nije tu da te u\u010di. Ona je tu da te podsjeti tko si.<\/p>","protected":false},"featured_media":6385412,"template":"","meta":[],"product_brand":[],"product_cat":[18],"product_tag":[],"class_list":{"0":"post-6385411","1":"product","2":"type-product","3":"status-publish","4":"has-post-thumbnail","6":"product_cat-knjige-i-ostalo","8":"first","9":"instock","10":"taxable","11":"shipping-taxable","12":"purchasable","13":"product-type-simple"},"yoast_head":"<!-- This site is optimized with the Yoast SEO plugin v27.2 - https:\/\/yoast.com\/product\/yoast-seo-wordpress\/ -->\n<title>ZA TEBE DOK TRA\u017dI\u0160 SEBE (KNJIGA KOJU TINEJD\u017dERI VOLE) - Ana Bu\u010devi\u0107<\/title>\n<meta name=\"robots\" content=\"index, follow, max-snippet:-1, max-image-preview:large, max-video-preview:-1\" \/>\n<link rel=\"canonical\" href=\"https:\/\/anabucevic.com\/en\/product\/za-tebe-dok-trazis-sebe-knjiga-koju-tinejdzeri-vole-2\/\" \/>\n<meta property=\"og:locale\" content=\"en_GB\" \/>\n<meta property=\"og:type\" content=\"article\" \/>\n<meta property=\"og:title\" content=\"ZA TEBE DOK TRA\u017dI\u0160 SEBE (KNJIGA KOJU TINEJD\u017dERI VOLE) - Ana Bu\u010devi\u0107\" \/>\n<meta property=\"og:description\" content=\"2,330 RSD ZA TEBE DOK TRA\u017dI\u0160 SEBE \u00a0(KNJIGA KOJU TINEJD\u017dERI VOLE)  Nekih dana ti je glava puna, a srce tiho.  Nekih dana ti se ne da ni misliti ni osje\u0107ati.  A nekih dana samo \u017eeli\u0161 znati da si dovoljno dobar\/ra \u010dak i kad ni\u0161ta ne ide.  Ako si posegnuo\/la za ovom knjigom, ne\u0161to u tebi zna da postoji vi\u0161e. Vi\u0161e od zbunjenosti, ti\u0161ine, osje\u0107aja da ne pripada\u0161, pritisaka izvana i pitanja iznutra. Nisi slu\u010dajno do\u0161ao\/la do nje.  U njoj \u0107e\u0161 na\u0107i rije\u010di koje grle, re\u010denice koje \u0161ute s tobom, snagu koju treba\u0161 i istine koje ti mo\u017eda nitko ne govori.  O tome kako re\u0107i NE. O gre\u0161kama. O slavi. O dru\u0161tvenim mre\u017eama. O strahovima. O osje\u0107ajima. O roditeljima. O prijateljima. O ljubavi. O tebi.  O onome \u0161to stvarno osje\u0107a\u0161, a ne o onome \u0161to drugi vide.  Jer nisi sam\/a.  I nisi \u010dudan\/a.  I nije tvoja zbunjenost problem, ona je znak da tra\u017ei\u0161 dublje.  A ova knjiga je tu\u2026 ba\u0161 za to vrijeme.  Ova knjiga nije tu samo da je pro\u010dita\u0161.  Ona je tu da te prati na tvom putu.  I da shvati\u0161 tko si dok putuje\u0161 njime.  Ova knjiga nije tu da te u\u010di. Ona je tu da te podsjeti tko si.\" \/>\n<meta property=\"og:url\" content=\"https:\/\/anabucevic.com\/en\/product\/za-tebe-dok-trazis-sebe-knjiga-koju-tinejdzeri-vole-2\/\" \/>\n<meta property=\"og:site_name\" content=\"Ana Bu\u010devi\u0107\" \/>\n<meta property=\"article:publisher\" content=\"https:\/\/www.facebook.com\/safariduha\/\" \/>\n<meta property=\"article:modified_time\" content=\"2025-09-30T21:59:16+00:00\" \/>\n<meta property=\"og:image\" content=\"https:\/\/anabucevic.com\/wp-content\/uploads\/2025\/09\/knjiga-objva-teens-1024x1024.jpg\" \/>\n\t<meta property=\"og:image:width\" content=\"1024\" \/>\n\t<meta property=\"og:image:height\" content=\"1024\" \/>\n\t<meta property=\"og:image:type\" content=\"image\/jpeg\" \/>\n<meta name=\"twitter:card\" content=\"summary_large_image\" \/>\n<script type=\"application\/ld+json\" class=\"yoast-schema-graph\">{\"@context\":\"https:\/\/schema.org\",\"@graph\":[{\"@type\":\"WebPage\",\"@id\":\"https:\/\/anabucevic.com\/product\/za-tebe-dok-trazis-sebe-knjiga-koju-tinejdzeri-vole-2\/\",\"url\":\"https:\/\/anabucevic.com\/product\/za-tebe-dok-trazis-sebe-knjiga-koju-tinejdzeri-vole-2\/\",\"name\":\"ZA TEBE DOK TRA\u017dI\u0160 SEBE (KNJIGA KOJU TINEJD\u017dERI VOLE) - Ana Bu\u010devi\u0107\",\"isPartOf\":{\"@id\":\"https:\/\/anabucevic.com\/#website\"},\"primaryImageOfPage\":{\"@id\":\"https:\/\/anabucevic.com\/product\/za-tebe-dok-trazis-sebe-knjiga-koju-tinejdzeri-vole-2\/#primaryimage\"},\"image\":{\"@id\":\"https:\/\/anabucevic.com\/product\/za-tebe-dok-trazis-sebe-knjiga-koju-tinejdzeri-vole-2\/#primaryimage\"},\"thumbnailUrl\":\"https:\/\/anabucevic.com\/wp-content\/uploads\/2025\/09\/knjiga-objva-teens.jpg\",\"datePublished\":\"2025-09-30T18:38:47+00:00\",\"dateModified\":\"2025-09-30T21:59:16+00:00\",\"breadcrumb\":{\"@id\":\"https:\/\/anabucevic.com\/product\/za-tebe-dok-trazis-sebe-knjiga-koju-tinejdzeri-vole-2\/#breadcrumb\"},\"inLanguage\":\"en-GB\",\"potentialAction\":[{\"@type\":\"ReadAction\",\"target\":[\"https:\/\/anabucevic.com\/product\/za-tebe-dok-trazis-sebe-knjiga-koju-tinejdzeri-vole-2\/\"]}]},{\"@type\":\"ImageObject\",\"inLanguage\":\"en-GB\",\"@id\":\"https:\/\/anabucevic.com\/product\/za-tebe-dok-trazis-sebe-knjiga-koju-tinejdzeri-vole-2\/#primaryimage\",\"url\":\"https:\/\/anabucevic.com\/wp-content\/uploads\/2025\/09\/knjiga-objva-teens.jpg\",\"contentUrl\":\"https:\/\/anabucevic.com\/wp-content\/uploads\/2025\/09\/knjiga-objva-teens.jpg\",\"width\":2250,\"height\":2250},{\"@type\":\"BreadcrumbList\",\"@id\":\"https:\/\/anabucevic.com\/product\/za-tebe-dok-trazis-sebe-knjiga-koju-tinejdzeri-vole-2\/#breadcrumb\",\"itemListElement\":[{\"@type\":\"ListItem\",\"position\":1,\"name\":\"Home\",\"item\":\"https:\/\/anabucevic.com\/\"},{\"@type\":\"ListItem\",\"position\":2,\"name\":\"ZA TEBE DOK TRA\u017dI\u0160 SEBE (KNJIGA KOJU TINEJD\u017dERI VOLE)\"}]},{\"@type\":\"WebSite\",\"@id\":\"https:\/\/anabucevic.com\/#website\",\"url\":\"https:\/\/anabucevic.com\/\",\"name\":\"Ana Bu\u010devi\u0107\",\"description\":\"Budite ono \u0161to \u017eelite postati...\",\"publisher\":{\"@id\":\"https:\/\/anabucevic.com\/#organization\"},\"alternateName\":\"Ana Bu\u010devi\u0107 - Budite ono \u0161to \u017eelite postati\",\"potentialAction\":[{\"@type\":\"SearchAction\",\"target\":{\"@type\":\"EntryPoint\",\"urlTemplate\":\"https:\/\/anabucevic.com\/?s={search_term_string}\"},\"query-input\":{\"@type\":\"PropertyValueSpecification\",\"valueRequired\":true,\"valueName\":\"search_term_string\"}}],\"inLanguage\":\"en-GB\"},{\"@type\":\"Organization\",\"@id\":\"https:\/\/anabucevic.com\/#organization\",\"name\":\"Ana Bu\u010devi\u0107\",\"alternateName\":\"Safari Duha\",\"url\":\"https:\/\/anabucevic.com\/\",\"logo\":{\"@type\":\"ImageObject\",\"inLanguage\":\"en-GB\",\"@id\":\"https:\/\/anabucevic.com\/#\/schema\/logo\/image\/\",\"url\":\"https:\/\/anabucevic.com\/wp-content\/uploads\/2026\/01\/Logo-stranice-1.png\",\"contentUrl\":\"https:\/\/anabucevic.com\/wp-content\/uploads\/2026\/01\/Logo-stranice-1.png\",\"width\":701,\"height\":200,\"caption\":\"Ana Bu\u010devi\u0107\"},\"image\":{\"@id\":\"https:\/\/anabucevic.com\/#\/schema\/logo\/image\/\"},\"sameAs\":[\"https:\/\/www.facebook.com\/safariduha\/\",\"https:\/\/www.youtube.com\/user\/safariduha1\",\"https:\/\/www.instagram.com\/safariduha\/?hl=hr\"]}]}<\/script>\n<!-- \/ Yoast SEO plugin. -->","yoast_head_json":{"title":"ZA TEBE DOK TRA\u017dI\u0160 SEBE (KNJIGA KOJU TINEJD\u017dERI VOLE) - Ana Bu\u010devi\u0107","robots":{"index":"index","follow":"follow","max-snippet":"max-snippet:-1","max-image-preview":"max-image-preview:large","max-video-preview":"max-video-preview:-1"},"canonical":"https:\/\/anabucevic.com\/en\/product\/za-tebe-dok-trazis-sebe-knjiga-koju-tinejdzeri-vole-2\/","og_locale":"en_GB","og_type":"article","og_title":"ZA TEBE DOK TRA\u017dI\u0160 SEBE (KNJIGA KOJU TINEJD\u017dERI VOLE) - Ana Bu\u010devi\u0107","og_description":"2,330 RSD ZA TEBE DOK TRA\u017dI\u0160 SEBE \u00a0(KNJIGA KOJU TINEJD\u017dERI VOLE)  Nekih dana ti je glava puna, a srce tiho.  Nekih dana ti se ne da ni misliti ni osje\u0107ati.  A nekih dana samo \u017eeli\u0161 znati da si dovoljno dobar\/ra \u010dak i kad ni\u0161ta ne ide.  Ako si posegnuo\/la za ovom knjigom, ne\u0161to u tebi zna da postoji vi\u0161e. Vi\u0161e od zbunjenosti, ti\u0161ine, osje\u0107aja da ne pripada\u0161, pritisaka izvana i pitanja iznutra. Nisi slu\u010dajno do\u0161ao\/la do nje.  U njoj \u0107e\u0161 na\u0107i rije\u010di koje grle, re\u010denice koje \u0161ute s tobom, snagu koju treba\u0161 i istine koje ti mo\u017eda nitko ne govori.  O tome kako re\u0107i NE. O gre\u0161kama. O slavi. O dru\u0161tvenim mre\u017eama. O strahovima. O osje\u0107ajima. O roditeljima. O prijateljima. O ljubavi. O tebi.  O onome \u0161to stvarno osje\u0107a\u0161, a ne o onome \u0161to drugi vide.  Jer nisi sam\/a.  I nisi \u010dudan\/a.  I nije tvoja zbunjenost problem, ona je znak da tra\u017ei\u0161 dublje.  A ova knjiga je tu\u2026 ba\u0161 za to vrijeme.  Ova knjiga nije tu samo da je pro\u010dita\u0161.  Ona je tu da te prati na tvom putu.  I da shvati\u0161 tko si dok putuje\u0161 njime.  Ova knjiga nije tu da te u\u010di. Ona je tu da te podsjeti tko si.","og_url":"https:\/\/anabucevic.com\/en\/product\/za-tebe-dok-trazis-sebe-knjiga-koju-tinejdzeri-vole-2\/","og_site_name":"Ana Bu\u010devi\u0107","article_publisher":"https:\/\/www.facebook.com\/safariduha\/","article_modified_time":"2025-09-30T21:59:16+00:00","og_image":[{"width":1024,"height":1024,"url":"https:\/\/anabucevic.com\/wp-content\/uploads\/2025\/09\/knjiga-objva-teens-1024x1024.jpg","type":"image\/jpeg"}],"twitter_card":"summary_large_image","schema":{"@context":"https:\/\/schema.org","@graph":[{"@type":"WebPage","@id":"https:\/\/anabucevic.com\/product\/za-tebe-dok-trazis-sebe-knjiga-koju-tinejdzeri-vole-2\/","url":"https:\/\/anabucevic.com\/product\/za-tebe-dok-trazis-sebe-knjiga-koju-tinejdzeri-vole-2\/","name":"ZA TEBE DOK TRA\u017dI\u0160 SEBE (KNJIGA KOJU TINEJD\u017dERI VOLE) - Ana Bu\u010devi\u0107","isPartOf":{"@id":"https:\/\/anabucevic.com\/#website"},"primaryImageOfPage":{"@id":"https:\/\/anabucevic.com\/product\/za-tebe-dok-trazis-sebe-knjiga-koju-tinejdzeri-vole-2\/#primaryimage"},"image":{"@id":"https:\/\/anabucevic.com\/product\/za-tebe-dok-trazis-sebe-knjiga-koju-tinejdzeri-vole-2\/#primaryimage"},"thumbnailUrl":"https:\/\/anabucevic.com\/wp-content\/uploads\/2025\/09\/knjiga-objva-teens.jpg","datePublished":"2025-09-30T18:38:47+00:00","dateModified":"2025-09-30T21:59:16+00:00","breadcrumb":{"@id":"https:\/\/anabucevic.com\/product\/za-tebe-dok-trazis-sebe-knjiga-koju-tinejdzeri-vole-2\/#breadcrumb"},"inLanguage":"en-GB","potentialAction":[{"@type":"ReadAction","target":["https:\/\/anabucevic.com\/product\/za-tebe-dok-trazis-sebe-knjiga-koju-tinejdzeri-vole-2\/"]}]},{"@type":"ImageObject","inLanguage":"en-GB","@id":"https:\/\/anabucevic.com\/product\/za-tebe-dok-trazis-sebe-knjiga-koju-tinejdzeri-vole-2\/#primaryimage","url":"https:\/\/anabucevic.com\/wp-content\/uploads\/2025\/09\/knjiga-objva-teens.jpg","contentUrl":"https:\/\/anabucevic.com\/wp-content\/uploads\/2025\/09\/knjiga-objva-teens.jpg","width":2250,"height":2250},{"@type":"BreadcrumbList","@id":"https:\/\/anabucevic.com\/product\/za-tebe-dok-trazis-sebe-knjiga-koju-tinejdzeri-vole-2\/#breadcrumb","itemListElement":[{"@type":"ListItem","position":1,"name":"Home","item":"https:\/\/anabucevic.com\/"},{"@type":"ListItem","position":2,"name":"ZA TEBE DOK TRA\u017dI\u0160 SEBE (KNJIGA KOJU TINEJD\u017dERI VOLE)"}]},{"@type":"WebSite","@id":"https:\/\/anabucevic.com\/#website","url":"https:\/\/anabucevic.com\/","name":"Ana Bu\u010devi\u0107","description":"Budite ono \u0161to \u017eelite postati...","publisher":{"@id":"https:\/\/anabucevic.com\/#organization"},"alternateName":"Ana Bu\u010devi\u0107 - Budite ono \u0161to \u017eelite postati","potentialAction":[{"@type":"SearchAction","target":{"@type":"EntryPoint","urlTemplate":"https:\/\/anabucevic.com\/?s={search_term_string}"},"query-input":{"@type":"PropertyValueSpecification","valueRequired":true,"valueName":"search_term_string"}}],"inLanguage":"en-GB"},{"@type":"Organization","@id":"https:\/\/anabucevic.com\/#organization","name":"Ana Bu\u010devi\u0107","alternateName":"Safari Duha","url":"https:\/\/anabucevic.com\/","logo":{"@type":"ImageObject","inLanguage":"en-GB","@id":"https:\/\/anabucevic.com\/#\/schema\/logo\/image\/","url":"https:\/\/anabucevic.com\/wp-content\/uploads\/2026\/01\/Logo-stranice-1.png","contentUrl":"https:\/\/anabucevic.com\/wp-content\/uploads\/2026\/01\/Logo-stranice-1.png","width":701,"height":200,"caption":"Ana Bu\u010devi\u0107"},"image":{"@id":"https:\/\/anabucevic.com\/#\/schema\/logo\/image\/"},"sameAs":["https:\/\/www.facebook.com\/safariduha\/","https:\/\/www.youtube.com\/user\/safariduha1","https:\/\/www.instagram.com\/safariduha\/?hl=hr"]}]}},"_links":{"self":[{"href":"http:\/\/anabucevic.com\/en\/wp-json\/wp\/v2\/product\/6385411","targetHints":{"allow":["GET"]}}],"collection":[{"href":"http:\/\/anabucevic.com\/en\/wp-json\/wp\/v2\/product"}],"about":[{"href":"http:\/\/anabucevic.com\/en\/wp-json\/wp\/v2\/types\/product"}],"wp:featuredmedia":[{"embeddable":true,"href":"http:\/\/anabucevic.com\/en\/wp-json\/wp\/v2\/media\/6385412"}],"wp:attachment":[{"href":"http:\/\/anabucevic.com\/en\/wp-json\/wp\/v2\/media?parent=6385411"}],"wp:term":[{"taxonomy":"product_brand","embeddable":true,"href":"http:\/\/anabucevic.com\/en\/wp-json\/wp\/v2\/product_brand?post=6385411"},{"taxonomy":"product_cat","embeddable":true,"href":"http:\/\/anabucevic.com\/en\/wp-json\/wp\/v2\/product_cat?post=6385411"},{"taxonomy":"product_tag","embeddable":true,"href":"http:\/\/anabucevic.com\/en\/wp-json\/wp\/v2\/product_tag?post=6385411"}],"curies":[{"name":"wp","href":"https:\/\/api.w.org\/{rel}","templated":true}]}}