{"id":6388335,"date":"2025-11-30T12:41:56","date_gmt":"2025-11-30T10:41:56","guid":{"rendered":"https:\/\/anabucevic.com\/?post_type=product&#038;p=6388335"},"modified":"2025-11-30T21:25:58","modified_gmt":"2025-11-30T19:25:58","slug":"za-tebe-dok-trazis-sebe-knjiga-koju-tinejdzeri-vole-slovenski","status":"publish","type":"product","link":"https:\/\/anabucevic.com\/en\/product\/za-tebe-dok-trazis-sebe-knjiga-koju-tinejdzeri-vole-slovenski\/","title":{"rendered":"ZA TEBE, DOKLER I\u0160\u010cE\u0160 SEBE (KNJIGA, KI JO IMAJO NAJSTNIKI RADI) (Slovensko izdanje)"},"content":{"rendered":"","protected":false},"excerpt":{"rendered":"<h5>2,330 RSD<\/h5>\n<p><strong>ZA TEBE, DOKLER I\u0160\u010cE\u0160 SEBE (KNJIGA, KI JO IMAJO NAJSTNIKI RADI)<\/strong><\/p>\n<p>Kak\u0161en dan ima\u0161 glavo polno, srce pa tiho.<br \/>\nKak\u0161en dan se ti ne ljubi ne misliti ne \u010dutiti.<br \/>\nKak\u0161en dan pa bi samo rad\/a vedel\/a, da si dovolj dober\/a tudi, ko ni\u010d ne gre.<br \/>\n\u010ce si posegel\/a po tej knjigi, nekaj v tebi ve, da obstaja ve\u010d. Ve\u010d od zmedenosti, ti\u0161ine, ob\u010dutka, da ne pripada\u0161, pritiskov od zunaj in vpra\u0161anj znotraj. Nisi slu\u010dajno pri\u0161el\/a do nje.<\/p>\n<p>V knjigi bo\u0161 na\u0161el\/a besede, ki objamejo, stavke, ki mol\u010dijo s tabo, mo\u010d, ki jo potrebuje\u0161, in resnice, ki ti jih morda nih\u010de ne pove.<br \/>\nO tem, kako re\u010di NE. O napakah. O slavi.<br \/>\nO dru\u017eabnih omre\u017ejih. O strahovih.<br \/>\nO ob\u010dutkih. O star\u0161ih.<br \/>\nO prijateljih. O ljubezni. O tebi.<br \/>\nO tistem, kar zares \u010duti\u0161, ne pa o tistem, kar drugi vidijo.<br \/>\nKer nisi sam\/a.<br \/>\nIn nisi \u010duden\/a.<br \/>\nTvoja zmedenost ni problem, ampak znak, da i\u0161\u010de\u0161 globlje.<\/p>\n<p>Ta knjiga pa je tu \u2026 ravno za ta \u010das.<br \/>\nTa knjiga ni tu samo za to, da jo prebere\u0161.<br \/>\nTukaj je zato, da te spremlja na tvoji poti.<br \/>\nIn da dojame\u0161, kdo si, dokler potuje\u0161 po njej.<\/p>\n<p>Ta knjiga ni tu, da te u\u010di. Tu je zato, da te spomni, kdo si.<\/p>","protected":false},"featured_media":6388344,"template":"","meta":[],"product_brand":[],"product_cat":[18],"product_tag":[],"class_list":{"0":"post-6388335","1":"product","2":"type-product","3":"status-publish","4":"has-post-thumbnail","6":"product_cat-knjige-i-ostalo","8":"first","9":"instock","10":"taxable","11":"shipping-taxable","12":"purchasable","13":"product-type-simple"},"yoast_head":"<!-- This site is optimized with the Yoast SEO plugin v27.5 - https:\/\/yoast.com\/product\/yoast-seo-wordpress\/ -->\n<title>ZA TEBE, DOKLER I\u0160\u010cE\u0160 SEBE (KNJIGA, KI JO IMAJO NAJSTNIKI RADI) (Slovensko izdanje) - Ana Bu\u010devi\u0107<\/title>\n<meta name=\"robots\" content=\"index, follow, max-snippet:-1, max-image-preview:large, max-video-preview:-1\" \/>\n<link rel=\"canonical\" href=\"https:\/\/anabucevic.com\/en\/product\/za-tebe-dok-trazis-sebe-knjiga-koju-tinejdzeri-vole-slovenski\/\" \/>\n<meta property=\"og:locale\" content=\"en_GB\" \/>\n<meta property=\"og:type\" content=\"article\" \/>\n<meta property=\"og:title\" content=\"ZA TEBE, DOKLER I\u0160\u010cE\u0160 SEBE (KNJIGA, KI JO IMAJO NAJSTNIKI RADI) (Slovensko izdanje) - Ana Bu\u010devi\u0107\" \/>\n<meta property=\"og:description\" content=\"2,330 RSD ZA TEBE, DOKLER I\u0160\u010cE\u0160 SEBE (KNJIGA, KI JO IMAJO NAJSTNIKI RADI)  Kak\u0161en dan ima\u0161 glavo polno, srce pa tiho. Kak\u0161en dan se ti ne ljubi ne misliti ne \u010dutiti. Kak\u0161en dan pa bi samo rad\/a vedel\/a, da si dovolj dober\/a tudi, ko ni\u010d ne gre. \u010ce si posegel\/a po tej knjigi, nekaj v tebi ve, da obstaja ve\u010d. Ve\u010d od zmedenosti, ti\u0161ine, ob\u010dutka, da ne pripada\u0161, pritiskov od zunaj in vpra\u0161anj znotraj. Nisi slu\u010dajno pri\u0161el\/a do nje.  V knjigi bo\u0161 na\u0161el\/a besede, ki objamejo, stavke, ki mol\u010dijo s tabo, mo\u010d, ki jo potrebuje\u0161, in resnice, ki ti jih morda nih\u010de ne pove. O tem, kako re\u010di NE. O napakah. O slavi. O dru\u017eabnih omre\u017ejih. O strahovih. O ob\u010dutkih. O star\u0161ih. O prijateljih. O ljubezni. O tebi. O tistem, kar zares \u010duti\u0161, ne pa o tistem, kar drugi vidijo. Ker nisi sam\/a. In nisi \u010duden\/a. Tvoja zmedenost ni problem, ampak znak, da i\u0161\u010de\u0161 globlje.  Ta knjiga pa je tu \u2026 ravno za ta \u010das. Ta knjiga ni tu samo za to, da jo prebere\u0161. Tukaj je zato, da te spremlja na tvoji poti. In da dojame\u0161, kdo si, dokler potuje\u0161 po njej.  Ta knjiga ni tu, da te u\u010di. Tu je zato, da te spomni, kdo si.\" \/>\n<meta property=\"og:url\" content=\"https:\/\/anabucevic.com\/en\/product\/za-tebe-dok-trazis-sebe-knjiga-koju-tinejdzeri-vole-slovenski\/\" \/>\n<meta property=\"og:site_name\" content=\"Ana Bu\u010devi\u0107\" \/>\n<meta property=\"article:publisher\" content=\"https:\/\/www.facebook.com\/safariduha\/\" \/>\n<meta property=\"article:modified_time\" content=\"2025-11-30T19:25:58+00:00\" \/>\n<meta property=\"og:image\" content=\"https:\/\/anabucevic.com\/wp-content\/uploads\/2025\/11\/za-tebe-dok-trazis-sebe-slovenski-1-1024x1024.png\" \/>\n\t<meta property=\"og:image:width\" content=\"1024\" \/>\n\t<meta property=\"og:image:height\" content=\"1024\" \/>\n\t<meta property=\"og:image:type\" content=\"image\/png\" \/>\n<meta name=\"twitter:card\" content=\"summary_large_image\" \/>\n<script type=\"application\/ld+json\" class=\"yoast-schema-graph\">{\"@context\":\"https:\\\/\\\/schema.org\",\"@graph\":[{\"@type\":\"WebPage\",\"@id\":\"https:\\\/\\\/anabucevic.com\\\/product\\\/za-tebe-dok-trazis-sebe-knjiga-koju-tinejdzeri-vole-slovenski\\\/\",\"url\":\"https:\\\/\\\/anabucevic.com\\\/product\\\/za-tebe-dok-trazis-sebe-knjiga-koju-tinejdzeri-vole-slovenski\\\/\",\"name\":\"ZA TEBE, DOKLER I\u0160\u010cE\u0160 SEBE (KNJIGA, KI JO IMAJO NAJSTNIKI RADI) (Slovensko izdanje) - Ana Bu\u010devi\u0107\",\"isPartOf\":{\"@id\":\"https:\\\/\\\/anabucevic.com\\\/#website\"},\"primaryImageOfPage\":{\"@id\":\"https:\\\/\\\/anabucevic.com\\\/product\\\/za-tebe-dok-trazis-sebe-knjiga-koju-tinejdzeri-vole-slovenski\\\/#primaryimage\"},\"image\":{\"@id\":\"https:\\\/\\\/anabucevic.com\\\/product\\\/za-tebe-dok-trazis-sebe-knjiga-koju-tinejdzeri-vole-slovenski\\\/#primaryimage\"},\"thumbnailUrl\":\"https:\\\/\\\/anabucevic.com\\\/wp-content\\\/uploads\\\/2025\\\/11\\\/za-tebe-dok-trazis-sebe-slovenski-1.png\",\"datePublished\":\"2025-11-30T10:41:56+00:00\",\"dateModified\":\"2025-11-30T19:25:58+00:00\",\"breadcrumb\":{\"@id\":\"https:\\\/\\\/anabucevic.com\\\/product\\\/za-tebe-dok-trazis-sebe-knjiga-koju-tinejdzeri-vole-slovenski\\\/#breadcrumb\"},\"inLanguage\":\"en-GB\",\"potentialAction\":[{\"@type\":\"ReadAction\",\"target\":[\"https:\\\/\\\/anabucevic.com\\\/product\\\/za-tebe-dok-trazis-sebe-knjiga-koju-tinejdzeri-vole-slovenski\\\/\"]}]},{\"@type\":\"ImageObject\",\"inLanguage\":\"en-GB\",\"@id\":\"https:\\\/\\\/anabucevic.com\\\/product\\\/za-tebe-dok-trazis-sebe-knjiga-koju-tinejdzeri-vole-slovenski\\\/#primaryimage\",\"url\":\"https:\\\/\\\/anabucevic.com\\\/wp-content\\\/uploads\\\/2025\\\/11\\\/za-tebe-dok-trazis-sebe-slovenski-1.png\",\"contentUrl\":\"https:\\\/\\\/anabucevic.com\\\/wp-content\\\/uploads\\\/2025\\\/11\\\/za-tebe-dok-trazis-sebe-slovenski-1.png\",\"width\":1401,\"height\":1403},{\"@type\":\"BreadcrumbList\",\"@id\":\"https:\\\/\\\/anabucevic.com\\\/product\\\/za-tebe-dok-trazis-sebe-knjiga-koju-tinejdzeri-vole-slovenski\\\/#breadcrumb\",\"itemListElement\":[{\"@type\":\"ListItem\",\"position\":1,\"name\":\"Home\",\"item\":\"https:\\\/\\\/anabucevic.com\\\/\"},{\"@type\":\"ListItem\",\"position\":2,\"name\":\"ZA TEBE, DOKLER I\u0160\u010cE\u0160 SEBE (KNJIGA, KI JO IMAJO NAJSTNIKI RADI) (Slovensko izdanje)\"}]},{\"@type\":\"WebSite\",\"@id\":\"https:\\\/\\\/anabucevic.com\\\/#website\",\"url\":\"https:\\\/\\\/anabucevic.com\\\/\",\"name\":\"Ana Bu\u010devi\u0107\",\"description\":\"Budite ono \u0161to \u017eelite postati...\",\"publisher\":{\"@id\":\"https:\\\/\\\/anabucevic.com\\\/#organization\"},\"alternateName\":\"Ana Bu\u010devi\u0107 - Budite ono \u0161to \u017eelite postati\",\"potentialAction\":[{\"@type\":\"SearchAction\",\"target\":{\"@type\":\"EntryPoint\",\"urlTemplate\":\"https:\\\/\\\/anabucevic.com\\\/?s={search_term_string}\"},\"query-input\":{\"@type\":\"PropertyValueSpecification\",\"valueRequired\":true,\"valueName\":\"search_term_string\"}}],\"inLanguage\":\"en-GB\"},{\"@type\":\"Organization\",\"@id\":\"https:\\\/\\\/anabucevic.com\\\/#organization\",\"name\":\"Ana Bu\u010devi\u0107\",\"alternateName\":\"Safari Duha\",\"url\":\"https:\\\/\\\/anabucevic.com\\\/\",\"logo\":{\"@type\":\"ImageObject\",\"inLanguage\":\"en-GB\",\"@id\":\"https:\\\/\\\/anabucevic.com\\\/#\\\/schema\\\/logo\\\/image\\\/\",\"url\":\"https:\\\/\\\/anabucevic.com\\\/wp-content\\\/uploads\\\/2026\\\/01\\\/Logo-stranice-1.png\",\"contentUrl\":\"https:\\\/\\\/anabucevic.com\\\/wp-content\\\/uploads\\\/2026\\\/01\\\/Logo-stranice-1.png\",\"width\":701,\"height\":200,\"caption\":\"Ana Bu\u010devi\u0107\"},\"image\":{\"@id\":\"https:\\\/\\\/anabucevic.com\\\/#\\\/schema\\\/logo\\\/image\\\/\"},\"sameAs\":[\"https:\\\/\\\/www.facebook.com\\\/safariduha\\\/\",\"https:\\\/\\\/www.youtube.com\\\/user\\\/safariduha1\",\"https:\\\/\\\/www.instagram.com\\\/safariduha\\\/?hl=hr\"]}]}<\/script>\n<!-- \/ Yoast SEO plugin. -->","yoast_head_json":{"title":"ZA TEBE, DOKLER I\u0160\u010cE\u0160 SEBE (KNJIGA, KI JO IMAJO NAJSTNIKI RADI) (Slovensko izdanje) - Ana Bu\u010devi\u0107","robots":{"index":"index","follow":"follow","max-snippet":"max-snippet:-1","max-image-preview":"max-image-preview:large","max-video-preview":"max-video-preview:-1"},"canonical":"https:\/\/anabucevic.com\/en\/product\/za-tebe-dok-trazis-sebe-knjiga-koju-tinejdzeri-vole-slovenski\/","og_locale":"en_GB","og_type":"article","og_title":"ZA TEBE, DOKLER I\u0160\u010cE\u0160 SEBE (KNJIGA, KI JO IMAJO NAJSTNIKI RADI) (Slovensko izdanje) - Ana Bu\u010devi\u0107","og_description":"2,330 RSD ZA TEBE, DOKLER I\u0160\u010cE\u0160 SEBE (KNJIGA, KI JO IMAJO NAJSTNIKI RADI)  Kak\u0161en dan ima\u0161 glavo polno, srce pa tiho. Kak\u0161en dan se ti ne ljubi ne misliti ne \u010dutiti. Kak\u0161en dan pa bi samo rad\/a vedel\/a, da si dovolj dober\/a tudi, ko ni\u010d ne gre. \u010ce si posegel\/a po tej knjigi, nekaj v tebi ve, da obstaja ve\u010d. Ve\u010d od zmedenosti, ti\u0161ine, ob\u010dutka, da ne pripada\u0161, pritiskov od zunaj in vpra\u0161anj znotraj. Nisi slu\u010dajno pri\u0161el\/a do nje.  V knjigi bo\u0161 na\u0161el\/a besede, ki objamejo, stavke, ki mol\u010dijo s tabo, mo\u010d, ki jo potrebuje\u0161, in resnice, ki ti jih morda nih\u010de ne pove. O tem, kako re\u010di NE. O napakah. O slavi. O dru\u017eabnih omre\u017ejih. O strahovih. O ob\u010dutkih. O star\u0161ih. O prijateljih. O ljubezni. O tebi. O tistem, kar zares \u010duti\u0161, ne pa o tistem, kar drugi vidijo. Ker nisi sam\/a. In nisi \u010duden\/a. Tvoja zmedenost ni problem, ampak znak, da i\u0161\u010de\u0161 globlje.  Ta knjiga pa je tu \u2026 ravno za ta \u010das. Ta knjiga ni tu samo za to, da jo prebere\u0161. Tukaj je zato, da te spremlja na tvoji poti. In da dojame\u0161, kdo si, dokler potuje\u0161 po njej.  Ta knjiga ni tu, da te u\u010di. Tu je zato, da te spomni, kdo si.","og_url":"https:\/\/anabucevic.com\/en\/product\/za-tebe-dok-trazis-sebe-knjiga-koju-tinejdzeri-vole-slovenski\/","og_site_name":"Ana Bu\u010devi\u0107","article_publisher":"https:\/\/www.facebook.com\/safariduha\/","article_modified_time":"2025-11-30T19:25:58+00:00","og_image":[{"width":1024,"height":1024,"url":"https:\/\/anabucevic.com\/wp-content\/uploads\/2025\/11\/za-tebe-dok-trazis-sebe-slovenski-1-1024x1024.png","type":"image\/png"}],"twitter_card":"summary_large_image","schema":{"@context":"https:\/\/schema.org","@graph":[{"@type":"WebPage","@id":"https:\/\/anabucevic.com\/product\/za-tebe-dok-trazis-sebe-knjiga-koju-tinejdzeri-vole-slovenski\/","url":"https:\/\/anabucevic.com\/product\/za-tebe-dok-trazis-sebe-knjiga-koju-tinejdzeri-vole-slovenski\/","name":"ZA TEBE, DOKLER I\u0160\u010cE\u0160 SEBE (KNJIGA, KI JO IMAJO NAJSTNIKI RADI) (Slovensko izdanje) - Ana Bu\u010devi\u0107","isPartOf":{"@id":"https:\/\/anabucevic.com\/#website"},"primaryImageOfPage":{"@id":"https:\/\/anabucevic.com\/product\/za-tebe-dok-trazis-sebe-knjiga-koju-tinejdzeri-vole-slovenski\/#primaryimage"},"image":{"@id":"https:\/\/anabucevic.com\/product\/za-tebe-dok-trazis-sebe-knjiga-koju-tinejdzeri-vole-slovenski\/#primaryimage"},"thumbnailUrl":"https:\/\/anabucevic.com\/wp-content\/uploads\/2025\/11\/za-tebe-dok-trazis-sebe-slovenski-1.png","datePublished":"2025-11-30T10:41:56+00:00","dateModified":"2025-11-30T19:25:58+00:00","breadcrumb":{"@id":"https:\/\/anabucevic.com\/product\/za-tebe-dok-trazis-sebe-knjiga-koju-tinejdzeri-vole-slovenski\/#breadcrumb"},"inLanguage":"en-GB","potentialAction":[{"@type":"ReadAction","target":["https:\/\/anabucevic.com\/product\/za-tebe-dok-trazis-sebe-knjiga-koju-tinejdzeri-vole-slovenski\/"]}]},{"@type":"ImageObject","inLanguage":"en-GB","@id":"https:\/\/anabucevic.com\/product\/za-tebe-dok-trazis-sebe-knjiga-koju-tinejdzeri-vole-slovenski\/#primaryimage","url":"https:\/\/anabucevic.com\/wp-content\/uploads\/2025\/11\/za-tebe-dok-trazis-sebe-slovenski-1.png","contentUrl":"https:\/\/anabucevic.com\/wp-content\/uploads\/2025\/11\/za-tebe-dok-trazis-sebe-slovenski-1.png","width":1401,"height":1403},{"@type":"BreadcrumbList","@id":"https:\/\/anabucevic.com\/product\/za-tebe-dok-trazis-sebe-knjiga-koju-tinejdzeri-vole-slovenski\/#breadcrumb","itemListElement":[{"@type":"ListItem","position":1,"name":"Home","item":"https:\/\/anabucevic.com\/"},{"@type":"ListItem","position":2,"name":"ZA TEBE, DOKLER I\u0160\u010cE\u0160 SEBE (KNJIGA, KI JO IMAJO NAJSTNIKI RADI) (Slovensko izdanje)"}]},{"@type":"WebSite","@id":"https:\/\/anabucevic.com\/#website","url":"https:\/\/anabucevic.com\/","name":"Ana Bu\u010devi\u0107","description":"Budite ono \u0161to \u017eelite postati...","publisher":{"@id":"https:\/\/anabucevic.com\/#organization"},"alternateName":"Ana Bu\u010devi\u0107 - Budite ono \u0161to \u017eelite postati","potentialAction":[{"@type":"SearchAction","target":{"@type":"EntryPoint","urlTemplate":"https:\/\/anabucevic.com\/?s={search_term_string}"},"query-input":{"@type":"PropertyValueSpecification","valueRequired":true,"valueName":"search_term_string"}}],"inLanguage":"en-GB"},{"@type":"Organization","@id":"https:\/\/anabucevic.com\/#organization","name":"Ana Bu\u010devi\u0107","alternateName":"Safari Duha","url":"https:\/\/anabucevic.com\/","logo":{"@type":"ImageObject","inLanguage":"en-GB","@id":"https:\/\/anabucevic.com\/#\/schema\/logo\/image\/","url":"https:\/\/anabucevic.com\/wp-content\/uploads\/2026\/01\/Logo-stranice-1.png","contentUrl":"https:\/\/anabucevic.com\/wp-content\/uploads\/2026\/01\/Logo-stranice-1.png","width":701,"height":200,"caption":"Ana Bu\u010devi\u0107"},"image":{"@id":"https:\/\/anabucevic.com\/#\/schema\/logo\/image\/"},"sameAs":["https:\/\/www.facebook.com\/safariduha\/","https:\/\/www.youtube.com\/user\/safariduha1","https:\/\/www.instagram.com\/safariduha\/?hl=hr"]}]}},"_links":{"self":[{"href":"https:\/\/anabucevic.com\/en\/wp-json\/wp\/v2\/product\/6388335","targetHints":{"allow":["GET"]}}],"collection":[{"href":"https:\/\/anabucevic.com\/en\/wp-json\/wp\/v2\/product"}],"about":[{"href":"https:\/\/anabucevic.com\/en\/wp-json\/wp\/v2\/types\/product"}],"wp:featuredmedia":[{"embeddable":true,"href":"https:\/\/anabucevic.com\/en\/wp-json\/wp\/v2\/media\/6388344"}],"wp:attachment":[{"href":"https:\/\/anabucevic.com\/en\/wp-json\/wp\/v2\/media?parent=6388335"}],"wp:term":[{"taxonomy":"product_brand","embeddable":true,"href":"https:\/\/anabucevic.com\/en\/wp-json\/wp\/v2\/product_brand?post=6388335"},{"taxonomy":"product_cat","embeddable":true,"href":"https:\/\/anabucevic.com\/en\/wp-json\/wp\/v2\/product_cat?post=6388335"},{"taxonomy":"product_tag","embeddable":true,"href":"https:\/\/anabucevic.com\/en\/wp-json\/wp\/v2\/product_tag?post=6388335"}],"curies":[{"name":"wp","href":"https:\/\/api.w.org\/{rel}","templated":true}]}}